{"id":685,"date":"2017-07-24T10:40:28","date_gmt":"2017-07-24T10:40:28","guid":{"rendered":"http:\/\/www.pro-vo.at\/?page_id=685"},"modified":"2025-09-20T17:31:15","modified_gmt":"2025-09-20T17:31:15","slug":"martin-schoenlieb","status":"publish","type":"page","link":"https:\/\/www.pro-vo.at\/index.php\/lehrer\/martin-schoenlieb\/","title":{"rendered":"martin sch\u00f6nlieb"},"content":{"rendered":"<h1>Martin Sch\u00f6nlieb<\/h1>\n<p><img loading=\"lazy\" decoding=\"async\" class=\"alignnone wp-image-4274 size-thumbnail\" src=\"http:\/\/www.pro-vo.at\/wp-content\/uploads\/2018\/09\/2018-Foto-Martin-150x150.jpg\" alt=\"\" width=\"150\" height=\"150\" \/><\/p>\n<p>Gitarre, E-Gitarre<\/p>\n<p>&nbsp;<\/p>\n<p>geboren 1976 in Klagenfurt<br \/>\nGitarre- und Jazzstudium am Konservatorium Klagenfurt bei Guido Jeszenszky und Helmut Weinhandl.<br \/>\nAuslandssemester an der University of Northern Iowa.<br \/>\nDreij\u00e4hriger Aufenthalt in Den Haag zum Studium am K\u00f6niglichen Konservatorium.<br \/>\nIntensive Auseinandersetzung mit Improvisation und Kammermusik im Jazzidiom und au\u00dferhalb stilistisch klar definierter Rahmenbedingungen.<\/p>\n<p>Zahlreiche Konzerte in Holland, Belgien, Italien, Slowenien, Polen, Deutschland, Frankreich, den USA und \u00d6sterreich.<br \/>\nMitwirkung bei Theater- und Opernprojekten.<\/p>\n<p>Ein zwangloses (oft auch: absichtsloses) Erforschen des Instruments &#8211; und somit auch des eigenen Potenzials- steht im Zentrum der musikalischen Arbeit im Unterricht.<br \/>\nAusgangspunkt daf\u00fcr ist die individuelle Disposition des Sch\u00fclers\/der Sch\u00fclerin mit all seinen\/ihren Vorlieben und M\u00f6glichkeiten.<br \/>\nNotation kann dabei eine hilfreiche Rolle spielen &#8211; kann aber auch v\u00f6llig au\u00dfer Acht gelassen werden.<br \/>\nBesonders wichtig ist das gemeinsame Erleben und Reflektieren von Musik.<\/p>\n<p><em>&#8222;Information is not knowledge.<\/em><br \/>\n<em> Knowledge is not wisdom.<\/em><br \/>\n<em> Wisdom is not truth.<\/em><br \/>\n<em> Truth is not beauty.<\/em><br \/>\n<em> Beauty is not love.<\/em><br \/>\n<em> Love is not music.<\/em><br \/>\n<em> Music is THE BEST&#8230;&#8220;<\/em><br \/>\n<em> (Frank Zappa)<\/em><\/p>\n<p><a href=\"http:\/\/www.pro-vo.at\/index.php\/lehrer\/\">Zur\u00fcck zum Team<\/a><\/p>\n","protected":false},"excerpt":{"rendered":"<p>Martin Sch\u00f6nlieb Gitarre, E-Gitarre &nbsp; geboren 1976 in Klagenfurt Gitarre- und Jazzstudium am Konservatorium Klagenfurt bei Guido Jeszenszky und Helmut Weinhandl. Auslandssemester an der University of Northern Iowa. Dreij\u00e4hriger Aufenthalt in Den Haag zum Studium am K\u00f6niglichen Konservatorium. Intensive Auseinandersetzung mit Improvisation und Kammermusik im Jazzidiom und au\u00dferhalb stilistisch klar definierter Rahmenbedingungen. Zahlreiche Konzerte in &#8230; <a title=\"martin sch\u00f6nlieb\" class=\"read-more\" href=\"https:\/\/www.pro-vo.at\/index.php\/lehrer\/martin-schoenlieb\/\" aria-label=\"Mehr Informationen \u00fcber martin sch\u00f6nlieb\">Weiterlesen<\/a><\/p>\n","protected":false},"author":2,"featured_media":0,"parent":26,"menu_order":24,"comment_status":"closed","ping_status":"closed","template":"","meta":{"footnotes":""},"class_list":["post-685","page","type-page","status-publish"],"_links":{"self":[{"href":"https:\/\/www.pro-vo.at\/index.php\/wp-json\/wp\/v2\/pages\/685","targetHints":{"allow":["GET"]}}],"collection":[{"href":"https:\/\/www.pro-vo.at\/index.php\/wp-json\/wp\/v2\/pages"}],"about":[{"href":"https:\/\/www.pro-vo.at\/index.php\/wp-json\/wp\/v2\/types\/page"}],"author":[{"embeddable":true,"href":"https:\/\/www.pro-vo.at\/index.php\/wp-json\/wp\/v2\/users\/2"}],"replies":[{"embeddable":true,"href":"https:\/\/www.pro-vo.at\/index.php\/wp-json\/wp\/v2\/comments?post=685"}],"version-history":[{"count":5,"href":"https:\/\/www.pro-vo.at\/index.php\/wp-json\/wp\/v2\/pages\/685\/revisions"}],"predecessor-version":[{"id":6681,"href":"https:\/\/www.pro-vo.at\/index.php\/wp-json\/wp\/v2\/pages\/685\/revisions\/6681"}],"up":[{"embeddable":true,"href":"https:\/\/www.pro-vo.at\/index.php\/wp-json\/wp\/v2\/pages\/26"}],"wp:attachment":[{"href":"https:\/\/www.pro-vo.at\/index.php\/wp-json\/wp\/v2\/media?parent=685"}],"curies":[{"name":"wp","href":"https:\/\/api.w.org\/{rel}","templated":true}]}}