{"id":28,"date":"2017-06-28T12:57:16","date_gmt":"2017-06-28T12:57:16","guid":{"rendered":"http:\/\/www.pro-vo.at\/?page_id=28"},"modified":"2026-02-23T19:00:57","modified_gmt":"2026-02-23T19:00:57","slug":"chronik","status":"publish","type":"page","link":"https:\/\/www.pro-vo.at\/index.php\/chronik\/","title":{"rendered":"chronik"},"content":{"rendered":"<h1>Chronik<\/h1>\n<p>Unsere wichtigsten Veranstaltungen<\/p>\n<p>2026<br \/>\n<a href=\"https:\/\/www.pro-vo.at\/index.php\/voiceflow-feb2026\/\">Voice Flow<\/a>, Stimmworkshop (Februar)<\/p>\n<p>2025<br \/>\n<a href=\"http:\/\/www.pro-vo.at\/index.php\/adventkonzert-2025\/\">Adventkonzert<\/a> und Auftritt Weihnachtsdorf \u00a0(Dezember)<br \/>\n<a href=\"http:\/\/www.pro-vo.at\/index.php\/musikcamp\/\">MusikCamp<\/a>\u00a0(Juli)<br \/>\n<a href=\"http:\/\/www.pro-vo.at\/index.php\/sommerfestival-2025\/\">Sommerfestival<\/a> (Juni)<br \/>\n<a href=\"http:\/\/www.pro-vo.at\/index.php\/grosser-tag-der-musik-2025\/\">Gro\u00dfer Tag der Musik<\/a> (Mai)<\/p>\n<p><strong>2024<br \/>\n<\/strong><a href=\"http:\/\/www.pro-vo.at\/index.php\/adventkonzert-2024\/\">Adventkonzert\u00a0<\/a>(Dezember)<strong><br \/>\n<\/strong><a href=\"http:\/\/www.pro-vo.at\/index.php\/sommerfestival-2024\/\">Sommerfestival<\/a> (Juni)<br \/>\n<a href=\"http:\/\/www.pro-vo.at\/index.php\/grosser-tag-der-musik-2024\/\">Gro\u00dfer Tag der Musik <\/a>(April)<br \/>\n<a href=\"http:\/\/www.pro-vo.at\/index.php\/gemeinsam-singen\/\">Gemeinsam singen<\/a> (April)<\/p>\n<p><strong>2023<br \/>\n<\/strong><a href=\"http:\/\/www.pro-vo.at\/index.php\/adventkonzert\/\">Adventkonzert <\/a> (Dezember)<strong><br \/>\n<\/strong><a href=\"http:\/\/www.pro-vo.at\/index.php\/klassenabend-ada-stefan\/\">Sch\u00fclerkonzert Gitarre\u00a0<\/a>(Dezember)<strong><br \/>\n<\/strong><a href=\"http:\/\/www.pro-vo.at\/index.php\/sommerfestival-2023\/\">Sommerfestival<\/a> (Juni)<strong><br \/>\n<\/strong><a href=\"http:\/\/www.pro-vo.at\/index.php\/gitarrenkonzert-nikolas-goehl\/\">Gitarrenkonzert Nikolas G\u00f6hl<\/a> (Mai)<strong><br \/>\n<\/strong><a href=\"http:\/\/www.pro-vo.at\/index.php\/grosser-tag-der-musik-2023\/\">Gro\u00dfer Tag der Musik<\/a> (April)<\/p>\n<p><strong>2022<br \/>\n<\/strong><a href=\"http:\/\/www.pro-vo.at\/index.php\/advent-2022\/\">Adventkonzert <\/a>(Dezember)<strong><br \/>\n<\/strong><a href=\"http:\/\/www.pro-vo.at\/index.php\/sommerfestival-2022\/\">Sommerfestival <\/a>(Juni)<strong><br \/>\n<\/strong><a href=\"http:\/\/www.pro-vo.at\/index.php\/gtdm-2022\/\">Gro\u00dfer Tag der Musik<\/a> (April)<\/p>\n<p><strong>2021<\/strong><\/p>\n<p><strong>2020<br \/>\n<\/strong><a href=\"http:\/\/www.pro-vo.at\/index.php\/advent-2020\/\">Sch\u00fclerbeitr\u00e4ge zum (Corona-) Advent<\/a> (Dezember)<strong><br \/>\n<\/strong><a href=\"http:\/\/www.pro-vo.at\/index.php\/videos\/sommerfestival-2020-ersatzprogramm\/\">Sch\u00fclerbeitr\u00e4ge zum (Corona-) Schulschluss 2020<\/a> (Juli)<br \/>\n<a href=\"http:\/\/www.pro-vo.at\/index.php\/schuelerkonzert-violine-und-gitarre\/\">Sch\u00fclerkonzert Violine und Gitarre<\/a> (Februar)<\/p>\n<p><strong>2019<br \/>\n<\/strong><a href=\"http:\/\/www.pro-vo.at\/index.php\/chronik\/advent-2019\/\">Adventkonzert<\/a> (Dezember)<strong><br \/>\n<\/strong><a href=\"http:\/\/www.pro-vo.at\/index.php\/konzert-maria-u-niko-11-2019\/\">Sch\u00fclerkonzert Violine und Gitarre<\/a> (November)<br \/>\n<a href=\"http:\/\/www.pro-vo.at\/index.php\/sommerfestival-2019\/\">Sommerfestival<\/a> (Juni)<strong><br \/>\n<\/strong><a href=\"http:\/\/www.pro-vo.at\/index.php\/chronik\/gtdm-2019\/\">Gro\u00dfer Tag der Musik <\/a>(Mai)<br \/>\n<a href=\"http:\/\/www.pro-vo.at\/index.php\/erste-hilfe-kurs\/\">Erste Hilfe Kurs<\/a> (April)<strong><br \/>\n<\/strong><a href=\"http:\/\/www.pro-vo.at\/index.php\/chronik\/schuelerkonzert-violine-und-gitarre\/\">Sch\u00fclerkonzert Violine und Gitarre<\/a> (Februar)<\/p>\n<p><strong>2018<br \/>\n<\/strong><a href=\"http:\/\/www.pro-vo.at\/index.php\/chronik\/advent-2018\/\">Adventkonzert <\/a>(Dezember)<strong><br \/>\n<\/strong><a href=\"http:\/\/www.pro-vo.at\/index.php\/chronik\/sommerfestival-2018\/\">Sommerfestival<\/a> (Juni)<strong><br \/>\n<\/strong><a href=\"http:\/\/www.pro-vo.at\/index.php\/gtdm-2018\/\">Gro\u00dfer Tag der Musik<\/a> (Mai)<\/p>\n<p><strong>2017<\/strong><\/p>\n<p><a href=\"http:\/\/www.pro-vo.at\/index.php\/chronik\/advent-2017\/\">Adventkonzert\u00a0<\/a> (Dezember)<br \/>\n<a href=\"http:\/\/www.pro-vo.at\/index.php\/chronik\/velmnovice\/\">Konzert VelmNovice <\/a>(Juni)<strong><br \/>\n<\/strong><a href=\"http:\/\/www.pro-vo.at\/index.php\/chronik\/grosser-tag-der-musik-2017\/\">Gro\u00dfer Tag der Musik<\/a> (April)<br \/>\n<a href=\"http:\/\/www.pro-vo.at\/index.php\/chronik\/gitarre-03-2017\/\">Sch\u00fclerkonzert Gitarre<\/a> (M\u00e4rz)<br \/>\n<a href=\"http:\/\/www.pro-vo.at\/index.php\/chronik\/ensemble-night-01-2017\/\">Ensemble Night<\/a> (J\u00e4nner)<\/p>\n<p><strong>2016<\/strong><\/p>\n<p><a href=\"http:\/\/www.pro-vo.at\/index.php\/chronik\/advent-2016\/\">Adventkonzert <\/a>(Dezember)<br \/>\n<a href=\"http:\/\/www.pro-vo.at\/index.php\/chronik\/sommerfestival-2016\/\">Sommerfestival 2016 <\/a>(Juni)<br \/>\n<a href=\"http:\/\/www.pro-vo.at\/index.php\/chronik\/gtdm-2016\/\">Gro\u00dfer Tag der Musik <\/a>(April)<br \/>\n<a href=\"http:\/\/www.pro-vo.at\/index.php\/chronik\/schueler-fuer-schueler\/\">Sch\u00fcler f\u00fcr Sch\u00fcler <\/a>(M\u00e4rz)<br \/>\n<a href=\"http:\/\/www.pro-vo.at\/index.php\/chronik\/1394-2\/\">Ensemble-Night<\/a> (J\u00e4nner)<\/p>\n<p><strong>2015<\/strong><\/p>\n<p><a href=\"http:\/\/www.pro-vo.at\/index.php\/chronik\/advent-2015\/\">Adventkonzert<\/a> (Dezember)<br \/>\n<a href=\"http:\/\/www.pro-vo.at\/index.php\/chronik\/irish-taktlos\/\">Irish Stew <\/a>(November)<br \/>\n<a href=\"http:\/\/www.pro-vo.at\/index.php\/chronik\/ensemble-06-2015\/\">Ensemble-Night<\/a> (Juni)<br \/>\n<a href=\"http:\/\/www.pro-vo.at\/index.php\/chronik\/sommerfestival-2015\/\">Sommerfestival<\/a> (Juni)<br \/>\n<a href=\"http:\/\/www.pro-vo.at\/index.php\/chronik\/gtdm-2015\/\">Der gro\u00dfe Tag der Musik <\/a>(Mai)<br \/>\n<a href=\"http:\/\/www.pro-vo.at\/index.php\/chronik\/matinee\/\">Mantinee Violine und Klavier<\/a> (M\u00e4rz)<br \/>\n<a href=\"http:\/\/www.pro-vo.at\/index.php\/chronik\/gitarrenabend-2015\/\">Gitarrenabend M. Sch\u00f6nlieb \/ G. Manrique<\/a> (J\u00e4nner)<br \/>\n<a href=\"http:\/\/www.pro-vo.at\/index.php\/chronik\/ensemble-night-01-2015\/\">Ensemble-Night<\/a> (J\u00e4nner)<\/p>\n<p><strong>2014<\/strong><\/p>\n<p><a href=\"http:\/\/www.pro-vo.at\/index.php\/chronik\/advent-2014\/\">Adventkonzert<\/a> (Dezember)<br \/>\n<a href=\"http:\/\/www.pro-vo.at\/index.php\/chronik\/mdw-2014\/\">mdw meets pro-vo <\/a>(Juni)<br \/>\n<a href=\"http:\/\/www.pro-vo.at\/index.php\/floeten-2014\/\">Fl\u00f6tennachmittag<\/a> (Juni)<br \/>\n<a href=\"http:\/\/www.pro-vo.at\/index.php\/chronik\/ensemble-night-06-2014\/\">Ensemble-Night <\/a>(Juni)<br \/>\n<a href=\"http:\/\/www.pro-vo.at\/index.php\/violinen-2014\/\">Violine Vorspielabend<\/a> (Juni)<br \/>\n<a href=\"http:\/\/www.pro-vo.at\/index.php\/chronik\/gitarren-06\/\">Gitarrenabend M. Sch\u00f6nlieb \/ G. Manrique<\/a> (Juni)<br \/>\n<a href=\"http:\/\/www.pro-vo.at\/index.php\/chronik\/sommerfestival-2014\/\">Sommerfestival <\/a>(Juni)<br \/>\n<a href=\"http:\/\/www.pro-vo.at\/index.php\/chronik\/gtdm-2014\/\">Der gro\u00dfe Tag der Musik<\/a> (Mai)<br \/>\n<a href=\"http:\/\/www.pro-vo.at\/index.php\/chronik\/arcolinis-06-2014\/\">Konzert Arcolinis<\/a> (Mai)<br \/>\n<a href=\"http:\/\/www.pro-vo.at\/index.php\/chronik\/fasching-2014\/\">Faschingskonzert Violine und Klavier <\/a>(Februar)<br \/>\n<a href=\"http:\/\/www.pro-vo.at\/index.php\/chronik\/klassenabend-martin-gonzalo-2014\/\">Gitarrenabend M. Sch\u00f6nlieb \/ G. Manrique<\/a> (J\u00e4nner)<br \/>\n<a href=\"http:\/\/www.pro-vo.at\/index.php\/chronik\/ensemble-night-01-2014\/\">Ensemble-Night <\/a>(J\u00e4nner)<\/p>\n<p><strong>2013<\/strong><\/p>\n<p><a href=\"http:\/\/www.pro-vo.at\/index.php\/chronik\/advent-2013\/\">Adventkonzert<\/a> (Dezember)<br \/>\n<a href=\"http:\/\/www.pro-vo.at\/index.php\/chronik\/kammermusik-10-2013\/\">Kammermusikabend<\/a> (Oktober)<br \/>\n<a href=\"http:\/\/www.pro-vo.at\/index.php\/chronik\/lisi-10-2013\/\">Klassenabend Elisabeth Jungmayer-K\u00f6gler<\/a> (Oktober)<br \/>\n<a href=\"http:\/\/www.pro-vo.at\/index.php\/chronik\/sommerfestival-2013\/\">Sommerfestival<\/a> (Juni)<br \/>\n<a href=\"http:\/\/www.pro-vo.at\/index.php\/chronik\/pipo\/\">Pipos gro\u00dfer Auftritt<\/a> (Juni)<br \/>\n<a href=\"http:\/\/www.pro-vo.at\/index.php\/chronik\/mdw-tasten-blaeser\/\">mdw meets pro-vo (Tasten und Bl\u00e4ser)<\/a> (Juni)<br \/>\n<a href=\"http:\/\/www.pro-vo.at\/index.php\/chronik\/mdw-streicher-gitarren\/\">mdw meets pro-vo (Streicher und Gitarren) <\/a>(Juni)<br \/>\n<a href=\"http:\/\/www.pro-vo.at\/index.php\/chronik\/martin-gonzalo-06-2013\/\">Gitarrenabend M. Sch\u00f6nlieb \/ G. Manrique<\/a> (Juni)<br \/>\n<a href=\"http:\/\/www.pro-vo.at\/index.php\/chronik\/fest-gitarre-05-2013\/\">Ein Fest mit der Gitarre Martha Manrique <\/a>(Mai)<br \/>\n<a href=\"http:\/\/www.pro-vo.at\/index.php\/chronik\/jahreskonzert-2013\/\">Jahreskonzert <\/a>(Mai)<br \/>\n<a href=\"http:\/\/www.pro-vo.at\/index.php\/chronik\/lisi-severin-04-2013\/\">Klassenabend Severin Chen \/ E. Jungmayer-K\u00f6gler <\/a>(April)<br \/>\n<a href=\"http:\/\/www.pro-vo.at\/index.php\/chronik\/violine-03-2013\/\">Violine Vorspielabend <\/a>(M\u00e4rz)<br \/>\n<a href=\"http:\/\/www.pro-vo.at\/index.php\/chronik\/kinder-fuer-kinder-03-2013\/\">Kinder spielen f\u00fcr Kinder &#8211; Gitarrenkonzert<\/a> (M\u00e4rz)<br \/>\n<a href=\"http:\/\/www.pro-vo.at\/index.php\/chronik\/lisi-2013\/\">Fl\u00f6tenabend <\/a>(M\u00e4rz)<br \/>\n<a href=\"http:\/\/www.pro-vo.at\/index.php\/chronik\/fasching-01-2013\/\">Faschningskonzert E. Jungmayer-K\u00f6gler und Martha Manrique<\/a> (J\u00e4nner)<br \/>\n<a href=\"http:\/\/www.pro-vo.at\/index.php\/chronik\/gitarren-m-s-m-2013\/\">Gitarrenabend Manrique-Sch\u00f6nlieb-Manrique <\/a>(J\u00e4nner)<\/p>\n<p><strong>2012<\/strong><\/p>\n<p><a href=\"http:\/\/www.pro-vo.at\/index.php\/chronik\/advent-2012\/\">Adventfeier <\/a>(Dezember)<br \/>\n<a href=\"http:\/\/www.pro-vo.at\/index.php\/chronik\/kinder-fuer-kinder-10-2012\/\">Kinder spielen f\u00fcr Kinder Gitarrenkonzert<\/a> (November)<br \/>\n<a href=\"http:\/\/www.pro-vo.at\/index.php\/chronik\/lisi-10-2012\/\">Klassenabend Elisabeth Jungmayer-K\u00f6gler<\/a> (Oktober)<br \/>\n<a href=\"http:\/\/www.pro-vo.at\/index.php\/chronik\/sommerfestival-2012\/\">Sommerfestival <\/a>(Juni)<br \/>\n<a href=\"http:\/\/www.pro-vo.at\/index.php\/chronik\/martin-gonzalo-06-2012\/\">Klassenabend Martin Sch\u00f6nlieb und Gonzalo Manrique <\/a>(Juni)<br \/>\n<a href=\"http:\/\/www.pro-vo.at\/index.php\/chronik\/fest-mit-der-gitarre-2012\/\">Ein Fest mit der Gitarre Martha Manrique<\/a> (Mai)<br \/>\n<a href=\"http:\/\/www.pro-vo.at\/index.php\/chronik\/severin-01-2012\/\">Klassenabend Severin Chen <\/a>(April)<br \/>\n<a href=\"http:\/\/www.pro-vo.at\/index.php\/chronik\/lisa-02-2012\/\">Vorspielnachmittag Fasching Lisa Stephanie Charvat<\/a> (Februar)<br \/>\n<a href=\"http:\/\/www.pro-vo.at\/index.php\/chronik\/martin-01-2012\/\">Klassenabend Martin Sch\u00f6nlieb<\/a> (J\u00e4nner)<\/p>\n<p><strong>2011<\/strong><br \/>\n<a href=\"http:\/\/www.pro-vo.at\/index.php\/chronik\/lisa-12-2011\/\">Vorspielabend Lisa Stephanie Charvat<\/a> (Dezember)<br \/>\n<a href=\"http:\/\/www.pro-vo.at\/index.php\/chronik\/advent-2011\/\">Adventfeier <\/a>(Dezember)<br \/>\n<a href=\"http:\/\/www.pro-vo.at\/index.php\/chronik\/videodancing\/\">Videodancing mit Jamin Bilek <\/a>(November)<br \/>\n<a href=\"http:\/\/www.pro-vo.at\/index.php\/chronik\/halloween-2011\/\">Gitarre-Halloween<\/a> (November)<br \/>\n<a href=\"http:\/\/www.pro-vo.at\/index.php\/chronik\/collusio\/\">Ensemble Collusio <\/a>(Oktober)<br \/>\n<a href=\"http:\/\/www.pro-vo.at\/index.php\/chronik\/sommerfestival-2011\/\">Sommerfestival<\/a> (Juni)<br \/>\n<a href=\"http:\/\/www.pro-vo.at\/index.php\/chronik\/lisa-06-2011\/\">Vorspielabend Lisa Stephanie Charvat<\/a> (Juni)<br \/>\n<a href=\"http:\/\/www.pro-vo.at\/index.php\/chronik\/gonzalo-2011\/\">Gitarrekonzert Gonzalo Manrique Vallier <\/a>(Mai)<br \/>\n<a href=\"http:\/\/www.pro-vo.at\/index.php\/chronik\/fest-mit-der-gitarre\/\">Ein Fest mit der Gitarre Martha Hammerer<\/a> (Mai)<br \/>\n<a href=\"http:\/\/www.pro-vo.at\/index.php\/chronik\/lisa-04-2011\/\">Klassenabend Lisa Stephanie Charvat<\/a> (April)<br \/>\n<a href=\"http:\/\/www.pro-vo.at\/index.php\/chronik\/martin-01-2011\/\">Klassenabend Martin Sch\u00f6nlieb <\/a>(J\u00e4nner)<\/p>\n<p><strong>2010<\/strong><br \/>\n<a href=\"http:\/\/www.pro-vo.at\/index.php\/chronik\/advent-2010\/\">Adventfeier<\/a> (Dezember)<br \/>\n<a href=\"http:\/\/www.pro-vo.at\/index.php\/chronik\/ungaros\/\">Konzert Los Ungaros<\/a> (Oktober)<br \/>\n<a href=\"http:\/\/www.pro-vo.at\/index.php\/chronik\/martha-2010\/\">Klassenabend Martha Hammerer <\/a>(Juni)<br \/>\n<a href=\"http:\/\/www.pro-vo.at\/index.php\/chronik\/ottakring\/\">Wir in Ottakring<\/a> (Juni)<br \/>\n<a href=\"http:\/\/www.pro-vo.at\/index.php\/chronik\/sommerfestival-2010\/\">Sommerfestival<\/a> (Juni)<\/p>\n<p><strong>2009<\/strong><br \/>\n<a href=\"http:\/\/www.pro-vo.at\/index.php\/chronik\/advent-2009\/\">Advent-Event<\/a> (Dezember)<br \/>\n<a href=\"http:\/\/www.pro-vo.at\/index.php\/chronik\/acryl-2009\/\">Acryl-Workshop<\/a> (November)<br \/>\n<a href=\"http:\/\/www.pro-vo.at\/index.php\/chronik\/halloween-2009\/\">Halloweenkonzert Martha Hammerer <\/a>(Oktober)<br \/>\n<a href=\"http:\/\/www.pro-vo.at\/index.php\/chronik\/sommerfestival-2009\/\">Sommerfestival <\/a>(Juni)<br \/>\n<a href=\"http:\/\/www.pro-vo.at\/index.php\/martha-2009\/\">Klassenabend Martha Hammerer <\/a>(Juni)<br \/>\n<a href=\"http:\/\/www.pro-vo.at\/index.php\/chronik\/martin-2009\/\">My guitar gently weeps <\/a>(Juni)<br \/>\n<a href=\"http:\/\/www.pro-vo.at\/index.php\/chronik\/stadthalle\/\">Bezirksfestwochen Stadthalle<\/a> (Juni)<\/p>\n<p><strong>2008<\/strong><br \/>\n<a href=\"http:\/\/www.pro-vo.at\/index.php\/chronik\/advent-2008\/\">Adventfeier<\/a> (Dezember)<br \/>\n<a href=\"http:\/\/www.pro-vo.at\/index.php\/chronik\/advent-2015\/sommerfestival-2008\/\">Sommerfest<\/a> (Juni)<br \/>\n<a href=\"http:\/\/www.pro-vo.at\/index.php\/chronik\/martha-2008\/\">Klassenabend Martha Hammerer <\/a>(Juni)<br \/>\n<a href=\"http:\/\/www.pro-vo.at\/index.php\/chronik\/jonglieren\/\">Djembe und Jonglieren Workshop<\/a> (Mai)<br \/>\n<a href=\"http:\/\/www.pro-vo.at\/index.php\/chronik\/gui-2008\/\">Klassenabend Martha Hammerer<\/a> (M\u00e4rz)<\/p>\n<p><strong>2007<\/strong><br \/>\n<a href=\"http:\/\/www.pro-vo.at\/index.php\/chronik\/advent-2007\/\">Adventfeier <\/a>(Dezember)<br \/>\n<a style=\"background-color: transparent; color: #0066cc; font-family: Georgia,&amp;quot; times new roman&amp;quot;,&amp;quot;bitstream charter&amp;quot;,times,serif; font-size: 16px; font-style: normal; font-variant: normal; font-weight: 400; letter-spacing: normal; line-height: 24px; max-width: none; min-height: 0px; orphans: 2; overflow: visible; text-align: left; text-decoration: underline; text-indent: 0px; text-transform: none; -webkit-text-stroke-width: 0px; white-space: normal; word-spacing: 0px; word-wrap: break-word; padding: 0px; margin: 0px;\" href=\"http:\/\/www.pro-vo.at\/index.php\/chronik\/eroeffnungsfest\/\">Er\u00f6ffnungsfest Huglgasse <\/a>(September)<br \/>\n<a href=\"http:\/\/www.pro-vo.at\/index.php\/chronik\/gui-2007\/\">Klassenabend Martha Hammerer<\/a> (Juni)<\/p>\n<p><strong>2006<\/strong><br \/>\n<a href=\"http:\/\/www.pro-vo.at\/index.php\/gui-2006\/\">Klassenabend <\/a>(Juni)<\/p>\n<p><strong>2005<\/strong><br \/>\n<a href=\"http:\/\/www.pro-vo.at\/index.php\/chronik\/gui-2005\/\">Klassenabend<\/a> (April)<br \/>\n<a href=\"http:\/\/www.pro-vo.at\/index.php\/chronik\/harry-2005\/\">Ausstellung und Konzert Harry Hammerer <\/a>(J\u00e4nner)<\/p>\n<p><strong>2004<\/strong><br \/>\n<a href=\"http:\/\/www.pro-vo.at\/index.php\/chronik\/students-20014\/\">Students concert <\/a>(M\u00e4rz)<\/p>\n<p><strong>2003<\/strong><br \/>\n<a href=\"http:\/\/www.pro-vo.at\/index.php\/chronik\/joachim-1\/\">Ausstellung Hans Joachim Hohensinn \u201eDas unbegrenzte Da\u201c <\/a>(Juni)<br \/>\n<a href=\"http:\/\/www.pro-vo.at\/index.php\/chronik\/maro\/\">Ausstellung MaRo<\/a> (Mai)<br \/>\n<a href=\"http:\/\/www.pro-vo.at\/index.php\/chronik\/contraste\/\">Duo Contraste und Kathrin Primetzhofer<\/a> (Mai)<br \/>\n<a href=\"http:\/\/www.pro-vo.at\/index.php\/chronik\/gui-2\/\">Concert by classical guitar students <\/a>(M\u00e4rz)<br \/>\n<a href=\"http:\/\/www.pro-vo.at\/index.php\/chronik\/tibeter\/\">Kurs: Die f\u00fcnf Tibeter<\/a> (J\u00e4nner)<\/p>\n<p><strong>2002<\/strong><br \/>\n<a href=\"http:\/\/www.pro-vo.at\/index.php\/chronik\/2333-2\/\">Ausstellung Alois Mitter <\/a>(Dezember)<br \/>\n<a href=\"http:\/\/www.pro-vo.at\/index.php\/chronik\/reiter\/\">Weihnachtskonzert Christine Reiter und Kodo Yamagishi<\/a> (Dezember)<br \/>\n<a href=\"http:\/\/www.pro-vo.at\/index.php\/chronik\/xund\/\">XUND \u2013 Gesundheitstage Meiselmarkt <\/a>(November)<br \/>\n<a href=\"http:\/\/www.pro-vo.at\/index.php\/chronik\/mara-2\/\">Konzert Mara Sievers und Paula Barembuem <\/a>(September)<br \/>\n<a href=\"http:\/\/www.pro-vo.at\/index.php\/chronik\/budin\/\">Ausstellung Sabine Budin und Evelyn Romasanta <\/a>(September)<br \/>\n<a href=\"http:\/\/www.pro-vo.at\/index.php\/chronik\/chor-1\/\">Chorprobe Chor der Erste Bank <\/a>(September)<br \/>\n<a href=\"http:\/\/www.pro-vo.at\/index.php\/chronik\/mara-u-paula-1\/\">Konzert Mara Sievers und Paula Barembuem <\/a>(Juni)<br \/>\n<a href=\"http:\/\/www.pro-vo.at\/index.php\/chronik\/francois\/\">Konzert Francois Guilbeault <\/a>(Juni)<br \/>\n<a href=\"http:\/\/www.pro-vo.at\/index.php\/chronik\/triple-art\/\">Ausstellung Triple Art <\/a>(Mai)<br \/>\n<a href=\"http:\/\/www.pro-vo.at\/index.php\/chronik\/advent-2014\/konzert-sara-und-surdiman\/\">Konzert Sara Almaz\u00e1n und Sudirman Leman<\/a> (Mai)<br \/>\n<a href=\"http:\/\/www.pro-vo.at\/index.php\/agim-peqini\/\">Ausstellung Agim Peqini \u2013 Albanische Impressionen <\/a>(April)<br \/>\n<a href=\"http:\/\/www.pro-vo.at\/index.php\/chronik\/karin-gayer-flechtwerk\/\">Buchpr\u00e4sentation, Dichterlesung Karin Gayer \u201eFlechtwerk\u201c<\/a> (April)<br \/>\n<a href=\"http:\/\/www.pro-vo.at\/index.php\/chronik\/mayerweck\/\">Ausstellung Elisabeth Mayerweck \u201eK\u00f6rper, die begeistern\u201c<\/a> (April)<br \/>\n<a href=\"http:\/\/www.pro-vo.at\/index.php\/chronik\/concert-march\/\">Concert by classical guitar students <\/a>(M\u00e4rz)<br \/>\n<a href=\"http:\/\/www.pro-vo.at\/index.php\/chronik\/akt-fotoshooting\/\">K\u00fcnstlerisches Akt-Fotoshooting <\/a>(Februar)<br \/>\n<a href=\"http:\/\/www.pro-vo.at\/index.php\/chronik\/workshop-rhythmus\/\">Workshop: Musikinstrumente<\/a><br \/>\n<a href=\"http:\/\/www.pro-vo.at\/index.php\/chronik\/projektgruppe-senso\/\">Ausstellung Projektgruppe SENSO<\/a> (J\u00e4nner)<\/p>\n<p><strong>2001<\/strong><br \/>\n<a href=\"http:\/\/www.pro-vo.at\/index.php\/chronik\/otmar-jeller\/\">Verkaufsausstellung Otmar Jeller<\/a><br \/>\n<a href=\"http:\/\/www.pro-vo.at\/index.php\/chronik\/renate-eder\/\">Ausstellung Renate Eder<\/a> (November)<br \/>\n<a href=\"http:\/\/www.pro-vo.at\/index.php\/chronik\/konzert-mani\/\">Konzert mit Mani <\/a>(November)<br \/>\n<a href=\"http:\/\/www.pro-vo.at\/index.php\/chronik\/waltraut-scherer\/\">Ausstellung Waltraut Scherer \u201eAlles Farbe\u201c<\/a> (November)<br \/>\n<a href=\"http:\/\/www.pro-vo.at\/index.php\/chronik\/muteber-wurm-die-frau-im-wiener-kaffeehaus\/\">Ausstellung Mag. Aydin-Wurm \u201eDie Frau im Wr. Kaffeehaus\u201c<\/a> (Oktober)<br \/>\n<a href=\"http:\/\/www.pro-vo.at\/index.php\/chronik\/ausstellung-gabriele-kohlhauser\/\">Ausstellung Gabriele Kohlhauser<\/a><br \/>\n<a href=\"http:\/\/www.pro-vo.at\/index.php\/chronik\/salt-ministries\/\">Konzert mit Salt Ministries <\/a>(September)<br \/>\n<a href=\"http:\/\/www.pro-vo.at\/index.php\/chronik\/kuenstlergruppe-pentagraph\/\">Ausstellung K\u00fcnstlergruppe Pentagraph<\/a> (August)<br \/>\n<a href=\"http:\/\/www.pro-vo.at\/index.php\/chronik\/performance-mag-muteber-wurm\/\">Performance Mag. Muteber Wurm \u2013 Bodypainting<\/a> (Juni)<br \/>\n<a href=\"http:\/\/www.pro-vo.at\/index.php\/vernissage-hellfried-boehm\/\">Ausstellung Helfried B\u00f6hm<\/a> (Juni)<br \/>\n<a href=\"http:\/\/www.pro-vo.at\/?page_id=1002&amp;preview=true\">Ausstellung Brigitte Romsdorfer<\/a> (Mai)<\/p>\n","protected":false},"excerpt":{"rendered":"<p>Chronik Unsere wichtigsten Veranstaltungen 2026 Voice Flow, Stimmworkshop (Februar) 2025 Adventkonzert und Auftritt Weihnachtsdorf \u00a0(Dezember) MusikCamp\u00a0(Juli) Sommerfestival (Juni) Gro\u00dfer Tag der Musik (Mai) 2024 Adventkonzert\u00a0(Dezember) Sommerfestival (Juni) Gro\u00dfer Tag der Musik (April) Gemeinsam singen (April) 2023 Adventkonzert (Dezember) Sch\u00fclerkonzert Gitarre\u00a0(Dezember) Sommerfestival (Juni) Gitarrenkonzert Nikolas G\u00f6hl (Mai) Gro\u00dfer Tag der Musik (April) 2022 Adventkonzert (Dezember) Sommerfestival &#8230; <a title=\"chronik\" class=\"read-more\" href=\"https:\/\/www.pro-vo.at\/index.php\/chronik\/\" aria-label=\"Mehr Informationen \u00fcber chronik\">Weiterlesen<\/a><\/p>\n","protected":false},"author":2,"featured_media":0,"parent":0,"menu_order":0,"comment_status":"closed","ping_status":"closed","template":"","meta":{"footnotes":""},"class_list":["post-28","page","type-page","status-publish"],"_links":{"self":[{"href":"https:\/\/www.pro-vo.at\/index.php\/wp-json\/wp\/v2\/pages\/28","targetHints":{"allow":["GET"]}}],"collection":[{"href":"https:\/\/www.pro-vo.at\/index.php\/wp-json\/wp\/v2\/pages"}],"about":[{"href":"https:\/\/www.pro-vo.at\/index.php\/wp-json\/wp\/v2\/types\/page"}],"author":[{"embeddable":true,"href":"https:\/\/www.pro-vo.at\/index.php\/wp-json\/wp\/v2\/users\/2"}],"replies":[{"embeddable":true,"href":"https:\/\/www.pro-vo.at\/index.php\/wp-json\/wp\/v2\/comments?post=28"}],"version-history":[{"count":205,"href":"https:\/\/www.pro-vo.at\/index.php\/wp-json\/wp\/v2\/pages\/28\/revisions"}],"predecessor-version":[{"id":6871,"href":"https:\/\/www.pro-vo.at\/index.php\/wp-json\/wp\/v2\/pages\/28\/revisions\/6871"}],"wp:attachment":[{"href":"https:\/\/www.pro-vo.at\/index.php\/wp-json\/wp\/v2\/media?parent=28"}],"curies":[{"name":"wp","href":"https:\/\/api.w.org\/{rel}","templated":true}]}}