{"id":101,"date":"2017-06-28T14:31:05","date_gmt":"2017-06-28T14:31:05","guid":{"rendered":"http:\/\/www.pro-vo.at\/?page_id=101"},"modified":"2025-11-07T13:17:14","modified_gmt":"2025-11-07T13:17:14","slug":"huglgasse-24-neu","status":"publish","type":"page","link":"https:\/\/www.pro-vo.at\/index.php\/pro-vo\/huglgasse-24-neu\/","title":{"rendered":"der Verein"},"content":{"rendered":"<h1>Der Verein<\/h1>\n<p>Die pro-vo ist eine Musikschule, die von dem gemeinn\u00fctzigen Verein &#8222;pro-vo_aktion &#8211; Kultur und Kunst in Praxis und Vermittlung&#8220; betrieben wird. Sie wurde im Herbst 2000 von Harry Hammerer gegr\u00fcndet, und wird seit Juli 2025 vom Team Gerald Kotzian gef\u00fchrt.<br \/>\nSeit 2007 befindet sich das Vereinslokal in der<br \/>\nHuglgasse 24, 1150 Wien.<\/p>\n<p>In der pro-vo bieten wir hochwertigen <a href=\"http:\/\/www.pro-vo.at\/index.php\/kurse\/musik\/\">Musikunterricht<\/a><br \/>\nf\u00fcr alle Altersstufen (Kinder und Erwachsene),<br \/>\nsowie Kurse und Workshops an.<br \/>\nAu\u00dferdem finden regelm\u00e4\u00dfig Konzerte und Klassenabende statt,<br \/>\ndazu im Dezember ein Adventkonzert und zum Schulschluss unser Sommerfestival.<\/p>\n<h1>Huglgasse 24<\/h1>\n<p>Herzlich willkommen in der Huglgasse 24 im 15. Bezirk.<\/p>\n<p><a href=\"http:\/\/www.pro-vo.at\/wp-content\/uploads\/2017\/06\/foto-au\u00dfen-2.jpg\" data-rel=\"lightbox-gallery-LwuLRpCX\" data-rl_title=\"Eingang Gitarren- und Violinenzimmer\" data-rl_caption=\"\" title=\"Eingang Gitarren- und Violinenzimmer\"><img loading=\"lazy\" decoding=\"async\" class=\"alignleft wp-image-446 size-thumbnail\" src=\"http:\/\/www.pro-vo.at\/wp-content\/uploads\/2017\/06\/foto-au\u00dfen-2-150x150.jpg\" alt=\"\" width=\"150\" height=\"150\" \/><\/a> <a href=\"http:\/\/www.pro-vo.at\/wp-content\/uploads\/2017\/06\/foto-au\u00dfen1.jpg\" data-rel=\"lightbox-gallery-LwuLRpCX\" data-rl_title=\"foto-au\u00dfen1\" data-rl_caption=\"\" title=\"foto-au\u00dfen1\"><img loading=\"lazy\" decoding=\"async\" class=\"alignleft wp-image-445 size-thumbnail\" src=\"http:\/\/www.pro-vo.at\/wp-content\/uploads\/2017\/06\/foto-au\u00dfen1-150x150.jpg\" alt=\"\" width=\"150\" height=\"150\" \/><\/a><a href=\"http:\/\/www.pro-vo.at\/wp-content\/uploads\/2017\/06\/Renovierung-12.jpg\" data-rel=\"lightbox-gallery-LwuLRpCX\" data-rl_title=\"Renovierung-12\" data-rl_caption=\"\" title=\"Renovierung-12\"><img loading=\"lazy\" decoding=\"async\" class=\"alignleft wp-image-500 size-thumbnail\" src=\"http:\/\/www.pro-vo.at\/wp-content\/uploads\/2017\/06\/Renovierung-12-150x150.jpg\" alt=\"\" width=\"150\" height=\"150\" \/><\/a><\/p>\n<div style=\"clear: both;\"><img loading=\"lazy\" decoding=\"async\" class=\"alignnone size-thumbnail wp-image-5139\" src=\"http:\/\/www.pro-vo.at\/wp-content\/uploads\/2021\/09\/2021-08-Hof-mit-w-Wein-150x113.jpg\" alt=\"\" width=\"150\" height=\"113\" srcset=\"https:\/\/www.pro-vo.at\/wp-content\/uploads\/2021\/09\/2021-08-Hof-mit-w-Wein-150x113.jpg 150w, https:\/\/www.pro-vo.at\/wp-content\/uploads\/2021\/09\/2021-08-Hof-mit-w-Wein-300x225.jpg 300w, https:\/\/www.pro-vo.at\/wp-content\/uploads\/2021\/09\/2021-08-Hof-mit-w-Wein-768x576.jpg 768w, https:\/\/www.pro-vo.at\/wp-content\/uploads\/2021\/09\/2021-08-Hof-mit-w-Wein-1024x768.jpg 1024w, https:\/\/www.pro-vo.at\/wp-content\/uploads\/2021\/09\/2021-08-Hof-mit-w-Wein.jpg 1440w\" sizes=\"auto, (max-width: 150px) 100vw, 150px\" \/><br \/>\nHof 09 2021<\/div>\n<h3>Das sind unsere R\u00e4ume<\/h3>\n<h3>Der Veranstaltungsraum<\/h3>\n<p>Gr\u00f6\u00dfe: ca. 68 m2<br \/>\nNutzung: ideal f\u00fcr kleine Konzerte, Dichterlesungen, Vernissagen, Pr\u00e4sentationen, Meetings,&#8230;<br \/>\nInstrumente: ein Piano, eine Sakralorgel<\/p>\n<p><a href=\"http:\/\/www.pro-vo.at\/wp-content\/uploads\/2017\/06\/Renovierung-1-1.jpg\" data-rel=\"lightbox-gallery-LwuLRpCX\" data-rl_title=\"Der Veranstaltungsraum\" data-rl_caption=\"\" title=\"Der Veranstaltungsraum\"><img loading=\"lazy\" decoding=\"async\" class=\"wp-image-376 size-medium alignnone\" src=\"http:\/\/www.pro-vo.at\/wp-content\/uploads\/2017\/06\/Renovierung-1-1-300x225.jpg\" alt=\"\" width=\"300\" height=\"225\" srcset=\"https:\/\/www.pro-vo.at\/wp-content\/uploads\/2017\/06\/Renovierung-1-1-300x225.jpg 300w, https:\/\/www.pro-vo.at\/wp-content\/uploads\/2017\/06\/Renovierung-1-1.jpg 502w\" sizes=\"auto, (max-width: 300px) 100vw, 300px\" \/><\/a><\/p>\n<h3><a href=\"http:\/\/www.pro-vo.at\/wp-content\/uploads\/2017\/06\/veranstaltungsraum_2.jpg\" data-rel=\"lightbox-gallery-LwuLRpCX\" data-rl_title=\"Der Veranstaltungsraum\" data-rl_caption=\"\" title=\"Der Veranstaltungsraum\"><img loading=\"lazy\" decoding=\"async\" class=\"wp-image-379 size-medium alignnone\" src=\"http:\/\/www.pro-vo.at\/wp-content\/uploads\/2017\/06\/veranstaltungsraum_2-300x225.jpg\" alt=\"\" width=\"300\" height=\"225\" srcset=\"https:\/\/www.pro-vo.at\/wp-content\/uploads\/2017\/06\/veranstaltungsraum_2-300x225.jpg 300w, https:\/\/www.pro-vo.at\/wp-content\/uploads\/2017\/06\/veranstaltungsraum_2.jpg 502w\" sizes=\"auto, (max-width: 300px) 100vw, 300px\" \/><\/a><\/h3>\n<h3>Das Klavierzimmer<\/h3>\n<p>Raum f\u00fcr Einzel- und Doppelunterricht (Klavier, Gesang, Rhythmus, \u2026)<br \/>\nInstrumente: ein Piano, div. Rhythmusinstrumente<br \/>\nDas Klavier im Klavierzimmer haben wir bei der <a href=\"http:\/\/www.klaviergalerie.at\">Klaviergalerie\u00a0<\/a><br \/>\ngekauft.<\/p>\n<p><a href=\"http:\/\/www.pro-vo.at\/wp-content\/uploads\/2017\/06\/foto-klavierzimmer-1.jpg\" data-rel=\"lightbox-gallery-LwuLRpCX\" data-rl_title=\"Das Klavierzimmer\" data-rl_caption=\"\" title=\"Das Klavierzimmer\"><img loading=\"lazy\" decoding=\"async\" class=\"size-medium wp-image-373 alignnone\" src=\"http:\/\/www.pro-vo.at\/wp-content\/uploads\/2017\/06\/foto-klavierzimmer-1-300x225.jpg\" alt=\"\" width=\"300\" height=\"225\" srcset=\"https:\/\/www.pro-vo.at\/wp-content\/uploads\/2017\/06\/foto-klavierzimmer-1-300x225.jpg 300w, https:\/\/www.pro-vo.at\/wp-content\/uploads\/2017\/06\/foto-klavierzimmer-1.jpg 502w\" sizes=\"auto, (max-width: 300px) 100vw, 300px\" \/><\/a><\/p>\n<h3>Der schmale Raum<\/h3>\n<p>Raum f\u00fcr Einzelunterricht,<br \/>\nK\u00fcnstlergarderobe bei Veranstaltungen<\/p>\n<p><a href=\"http:\/\/www.pro-vo.at\/wp-content\/uploads\/2017\/06\/Renovierung-13-1.jpg\" data-rel=\"lightbox-gallery-LwuLRpCX\" data-rl_title=\"Der schmale Raum\" data-rl_caption=\"\" title=\"Der schmale Raum\"><img loading=\"lazy\" decoding=\"async\" class=\"size-medium wp-image-377 alignnone\" src=\"http:\/\/www.pro-vo.at\/wp-content\/uploads\/2017\/06\/Renovierung-13-1-300x225.jpg\" alt=\"\" width=\"300\" height=\"225\" srcset=\"https:\/\/www.pro-vo.at\/wp-content\/uploads\/2017\/06\/Renovierung-13-1-300x225.jpg 300w, https:\/\/www.pro-vo.at\/wp-content\/uploads\/2017\/06\/Renovierung-13-1.jpg 502w\" sizes=\"auto, (max-width: 300px) 100vw, 300px\" \/><\/a><\/p>\n<h3>Der Schallraum<\/h3>\n<p>Gr\u00f6\u00dfe: ca. 31 m2<\/p>\n<p>\u00dcbungsraum f\u00fcr Sch\u00fcler, Bands, Projekte<\/p>\n<p>Akustisches Konzept:<br \/>\nMag. Thomas Egger &#8211; <a href=\"http:\/\/www.dieklangschmiede.at\/\">Die Klangschmiede<\/a> (Unsere Empfehlung: 1A!!!)<\/p>\n<p><a href=\"http:\/\/www.pro-vo.at\/wp-content\/uploads\/2017\/06\/Renovierung-14.jpg\" data-rel=\"lightbox-gallery-LwuLRpCX\" data-rl_title=\"Der Schallraum\" data-rl_caption=\"\" title=\"Der Schallraum\"><img loading=\"lazy\" decoding=\"async\" class=\"size-medium wp-image-378 alignnone\" src=\"http:\/\/www.pro-vo.at\/wp-content\/uploads\/2017\/06\/Renovierung-14-300x225.jpg\" alt=\"\" width=\"300\" height=\"225\" srcset=\"https:\/\/www.pro-vo.at\/wp-content\/uploads\/2017\/06\/Renovierung-14-300x225.jpg 300w, https:\/\/www.pro-vo.at\/wp-content\/uploads\/2017\/06\/Renovierung-14.jpg 502w\" sizes=\"auto, (max-width: 300px) 100vw, 300px\" \/><\/a><\/p>\n<h3>Das Gitarrenzimmer<\/h3>\n<p>Gr\u00f6\u00dfe: ca. 24 m2<\/p>\n<p>Raum f\u00fcr Gitarrenunterricht, Gruppenunterricht, EME-Gruppen<\/p>\n<p><a href=\"http:\/\/www.pro-vo.at\/wp-content\/uploads\/2017\/06\/marthas_raum.jpg\" data-rel=\"lightbox-gallery-LwuLRpCX\" data-rl_title=\"Das Gitarrenzimmer\" data-rl_caption=\"\" title=\"Das Gitarrenzimmer\"><img loading=\"lazy\" decoding=\"async\" class=\"size-medium wp-image-375 alignnone\" src=\"http:\/\/www.pro-vo.at\/wp-content\/uploads\/2017\/06\/marthas_raum-300x225.jpg\" alt=\"\" width=\"300\" height=\"225\" srcset=\"https:\/\/www.pro-vo.at\/wp-content\/uploads\/2017\/06\/marthas_raum-300x225.jpg 300w, https:\/\/www.pro-vo.at\/wp-content\/uploads\/2017\/06\/marthas_raum.jpg 502w\" sizes=\"auto, (max-width: 300px) 100vw, 300px\" \/><\/a><\/p>\n<h3>Das Violinenzimmer<\/h3>\n<p>Raum f\u00fcr Einzelunterreicht (z.B. Violine, Fl\u00f6te,&#8230;)<\/p>\n<p><a href=\"http:\/\/www.pro-vo.at\/wp-content\/uploads\/2017\/06\/Kleliner-Raum-go\u00df.jpg\" data-rel=\"lightbox-gallery-LwuLRpCX\" data-rl_title=\"Das Violinenzimmer\" data-rl_caption=\"\" title=\"Das Violinenzimmer\"><img loading=\"lazy\" decoding=\"async\" class=\"size-medium wp-image-374 alignnone\" src=\"http:\/\/www.pro-vo.at\/wp-content\/uploads\/2017\/06\/Kleliner-Raum-go\u00df-300x225.jpg\" alt=\"\" width=\"300\" height=\"225\" srcset=\"https:\/\/www.pro-vo.at\/wp-content\/uploads\/2017\/06\/Kleliner-Raum-go\u00df-300x225.jpg 300w, https:\/\/www.pro-vo.at\/wp-content\/uploads\/2017\/06\/Kleliner-Raum-go\u00df.jpg 502w\" sizes=\"auto, (max-width: 300px) 100vw, 300px\" \/><\/a><\/p>\n<h3>Harry Hammerer im Gespr\u00e4ch mit Martha Hammerer<br \/>\nMai 2006<\/h3>\n<p>M: Wie ist die pro-vo entstanden?<\/p>\n<p>H: Ich wollte eine Plattform schaffen, um guten Musikunterricht anzubieten und K\u00fcnstlern die M\u00f6glichkeit zu geben, ihre Werke auszustellen. Es gibt in Wien viel zu wenige Musikschulen und auch das Angebot f\u00fcr K\u00fcnstler reicht bei Weitem nicht aus. Au\u00dferdem finde ich die Verbindung von Musik und Malerei \u00e4u\u00dferst reizvoll.<\/p>\n<p>M: Was bedeutet eigentlich &#8222;pro-vo&#8220;?<\/p>\n<p>H: pro-vo ist die Kurzform vom lateinischen Wort &#8222;Provokation&#8220; und bedeutet &#8222;Herausforderung&#8220;. Durch die Betonung durch den Bindestrich wird die positive Bedeutung des Wortes noch mehr hervorgehoben.<\/p>\n<p>M: Wie w\u00fcrdest du den Musikunterricht in der pro-vo beschreiben?<\/p>\n<p>H: Der Musikunterricht in der pro-vo ist individuell auf den Sch\u00fcler abgestimmt und nicht leistungsorientiert. Wir f\u00f6rdern in der Atmosph\u00e4re eines achtsamen Umgangs nicht nur die Kreativit\u00e4t, sondern schaffen auch Freude an der Musik.<\/p>\n<p>M: Warum &#8222;nicht leistungsorientierter&#8220; Unterricht?<\/p>\n<p>H: Die Konkurrenz unter den Sch\u00fclern, aber auch unter den Lehrern ist in den \u00f6ffentlichen Musikschulen sehr gro\u00df. Ein zus\u00e4tzlicher Leistungsdruck im Musikunterricht ist jedoch unbedingt zu vermeiden, da er das lustbetonte Musizieren hemmt und im Pflichtschulbereich so und so schon mehr als genug Leistungsdruck vorhanden ist.<br \/>\nNicht leistungsorientierter Unterricht erm\u00f6glicht die musikalische Entfaltung des Einzelnen und garantiert lang anhaltende Freude an der Musik.<\/p>\n<p>M: Bedeutet das, dass die Sch\u00fcler in der pro-vo weniger lernen?<\/p>\n<p>H: Nein. Weil Sch\u00fcler, die nicht unter Druck lernen, einfacher und wesentlich mehr lernen k\u00f6nnen. Dadurch wird auch gew\u00e4hrleistet, dass das Gelernte auch eine nachhaltige Wirkung hat. Das Wissen, die Musik und die Freude an der Musik k\u00f6nnen somit ein Leben lang erhalten bleiben.<\/p>\n<p>M: Das Angebot an Musikschulen in Wien ist bei Weitem nicht ausreichend&#8230;<\/p>\n<p>H: An \u00f6ffentlichen Musikschulen sind lange Wartelisten keine Seltenheit. Strenge Aufnahmekriterien verwehren vielen Interessierten \u00fcberhaupt den Zugang zur Musik, es werden nur noch die J\u00fcngsten und vermeintlich Besten aufgenommen.<br \/>\nIn der pro-vo gibt es keine Aufnahmepr\u00fcfung, da es meiner Meinung nach kein objektives Testsystem \u00fcber musikalisches Talent gibt.<\/p>\n<p>M: Welche Zielgruppe soll der Unterricht in der pro-vo ansprechen?<\/p>\n<p>H: Musik f\u00fcr alle!<br \/>\nKinder, Jugendliche, Erwachsene und Pensionisten, alle, die Lernen wollen, sind willkommen.<\/p>\n<p>M: Was w\u00fcrdest du dir f\u00fcr die pro-vo w\u00fcnschen?<\/p>\n<p>H: Ich m\u00f6chte gerne f\u00fcr die pro-vo wiederum ein eigenes Lokal, damit wieder vielseitige Pr\u00e4sentationsm\u00f6glichkeiten gegeben sind.<br \/>\nAu\u00dferdem will ich die Liste der angebotenen Instrumente erweitern und die Lehreranzahl erh\u00f6hen. Er w\u00e4re auch toll, F\u00f6rderungen oder Sponsoring zu erhalten, damit wir g\u00fcnstigeren Unterricht anbieten k\u00f6nnen.<\/p>\n<p>M: Danke f\u00fcr das Gespr\u00e4ch!<\/p>\n<p>Nachtrag 2023:<br \/>\nSelbstverst\u00e4ndlich sind in diesem Gespr\u00e4ch Sch\u00fclerinnen und Sch\u00fcler, sowie Lehrerinnen und Lehrer gemeint!<\/p>\n<p class=\"alignleft\">\n","protected":false},"excerpt":{"rendered":"<p>Der Verein Die pro-vo ist eine Musikschule, die von dem gemeinn\u00fctzigen Verein &#8222;pro-vo_aktion &#8211; Kultur und Kunst in Praxis und Vermittlung&#8220; betrieben wird. Sie wurde im Herbst 2000 von Harry Hammerer gegr\u00fcndet, und wird seit Juli 2025 vom Team Gerald Kotzian gef\u00fchrt. Seit 2007 befindet sich das Vereinslokal in der Huglgasse 24, 1150 Wien. In &#8230; <a title=\"der Verein\" class=\"read-more\" href=\"https:\/\/www.pro-vo.at\/index.php\/pro-vo\/huglgasse-24-neu\/\" aria-label=\"Mehr Informationen \u00fcber der Verein\">Weiterlesen<\/a><\/p>\n","protected":false},"author":2,"featured_media":0,"parent":19,"menu_order":1,"comment_status":"closed","ping_status":"closed","template":"","meta":{"footnotes":""},"class_list":["post-101","page","type-page","status-publish"],"_links":{"self":[{"href":"https:\/\/www.pro-vo.at\/index.php\/wp-json\/wp\/v2\/pages\/101","targetHints":{"allow":["GET"]}}],"collection":[{"href":"https:\/\/www.pro-vo.at\/index.php\/wp-json\/wp\/v2\/pages"}],"about":[{"href":"https:\/\/www.pro-vo.at\/index.php\/wp-json\/wp\/v2\/types\/page"}],"author":[{"embeddable":true,"href":"https:\/\/www.pro-vo.at\/index.php\/wp-json\/wp\/v2\/users\/2"}],"replies":[{"embeddable":true,"href":"https:\/\/www.pro-vo.at\/index.php\/wp-json\/wp\/v2\/comments?post=101"}],"version-history":[{"count":63,"href":"https:\/\/www.pro-vo.at\/index.php\/wp-json\/wp\/v2\/pages\/101\/revisions"}],"predecessor-version":[{"id":6714,"href":"https:\/\/www.pro-vo.at\/index.php\/wp-json\/wp\/v2\/pages\/101\/revisions\/6714"}],"up":[{"embeddable":true,"href":"https:\/\/www.pro-vo.at\/index.php\/wp-json\/wp\/v2\/pages\/19"}],"wp:attachment":[{"href":"https:\/\/www.pro-vo.at\/index.php\/wp-json\/wp\/v2\/media?parent=101"}],"curies":[{"name":"wp","href":"https:\/\/api.w.org\/{rel}","templated":true}]}}